{"id":553,"date":"2025-08-28T09:05:16","date_gmt":"2025-08-28T07:05:16","guid":{"rendered":"https:\/\/balberg.shop\/?post_type=product&#038;p=553"},"modified":"2026-03-22T09:29:17","modified_gmt":"2026-03-22T08:29:17","slug":"krone-winternacht","status":"publish","type":"product","link":"https:\/\/balberg.shop\/de\/produit\/couronne-nuit-dhiver\/","title":{"rendered":"Krone - Winternacht"},"content":{"rendered":"<p>Der Winterkranz aus Filz von Balberg shop eignet sich perfekt, um den Winter, das Yule-Fest, den Nikolaustag oder sogar Weihnachten zu feiern. Er kann als Dekoration f\u00fcr Ihren Jahreszeitentisch dienen oder einfach nur zum Verkleiden und Spa\u00df haben.<br \/>\nDie Krone ist ein unverzichtbares Accessoire in der Verkleidungskiste von Kindern.<br \/>\nSie ist nat\u00fcrlich unisex und passt dank der gestrickten Baumwollkordel, die am Hinterkopf geknotet wird, zu jeder Kopfgr\u00f6\u00dfe.<\/p>\n<p>Die Herstellung ist 100% Schurwolle mit \u00d6ko-Tex 100-Zertifizierung, fest, langlebig, handgefertigt und mit all meiner Liebe.<br \/>\nDie Kordel und die N\u00e4hte bestehen aus Baumwollgarn, das nach dem \u00d6ko-Tex Standard 100 zertifiziert ist.<\/p>\n<h4>Abmessungen<\/h4>\n<p>L\u00e4nge: 26 cm Breite: 11 cm<\/p>","protected":false},"excerpt":{"rendered":"<p>La couronne en feutrine d\u2019hiver Balberg shop est parfaite pour c\u00e9l\u00e9brer l\u2019hiver, la f\u00eate de Yule, la Saint Nicolas ou m\u00eame No\u00ebl. Elle peut servir de d\u00e9cor \u00e0 votre table des saisons, ou juste \u00e0 se d\u00e9guiser et \u00e0 s\u2019amuser simplement. La couronne est l\u2019accessoire incontournable de la malle \u00e0 d\u00e9guisement des enfants. Elle est&#8230;<\/p>","protected":false},"featured_media":647,"template":"","meta":{"_kad_blocks_custom_css":"","_kad_blocks_head_custom_js":"","_kad_blocks_body_custom_js":"","_kad_blocks_footer_custom_js":"","_kad_post_transparent":"default","_kad_post_title":"","_kad_post_layout":"default","_kad_post_sidebar_id":"","_kad_post_content_style":"default","_kad_post_vertical_padding":"default","_kad_post_feature":"","_kad_post_feature_position":"","_kad_post_header":false,"_kad_post_footer":false,"_kad_post_classname":"","footnotes":""},"product_cat":[20,39],"product_tag":[],"class_list":{"0":"post-553","1":"product","2":"type-product","3":"status-publish","4":"has-post-thumbnail","6":"product_cat-couronnes-en-feutrine","7":"product_cat-hiver","8":"post","10":"first","11":"onbackorder","12":"shipping-taxable","13":"purchasable","14":"product-type-simple","15":"entry","16":"content-bg","17":"loop-entry"},"taxonomy_info":{"product_cat":[{"value":20,"label":"Couronnes en feutrine"},{"value":39,"label":"Hiver"}]},"featured_image_src_large":["https:\/\/balberg.shop\/wp-content\/uploads\/sites\/3\/2025\/08\/IMG_3573-Grande-1024x682.jpeg",1024,682,true],"author_info":[],"comment_info":"","_links":{"self":[{"href":"https:\/\/balberg.shop\/de\/wp-json\/wp\/v2\/product\/553","targetHints":{"allow":["GET"]}}],"collection":[{"href":"https:\/\/balberg.shop\/de\/wp-json\/wp\/v2\/product"}],"about":[{"href":"https:\/\/balberg.shop\/de\/wp-json\/wp\/v2\/types\/product"}],"version-history":[{"count":0,"href":"https:\/\/balberg.shop\/de\/wp-json\/wp\/v2\/product\/553\/revisions"}],"wp:featuredmedia":[{"embeddable":true,"href":"https:\/\/balberg.shop\/de\/wp-json\/wp\/v2\/media\/647"}],"wp:attachment":[{"href":"https:\/\/balberg.shop\/de\/wp-json\/wp\/v2\/media?parent=553"}],"wp:term":[{"taxonomy":"product_cat","embeddable":true,"href":"https:\/\/balberg.shop\/de\/wp-json\/wp\/v2\/product_cat?post=553"},{"taxonomy":"product_tag","embeddable":true,"href":"https:\/\/balberg.shop\/de\/wp-json\/wp\/v2\/product_tag?post=553"}],"curies":[{"name":"wp","href":"https:\/\/api.w.org\/{rel}","templated":true}]}}