{"id":550,"date":"2025-08-28T09:02:42","date_gmt":"2025-08-28T07:02:42","guid":{"rendered":"https:\/\/balberg.shop\/?post_type=product&#038;p=550"},"modified":"2026-03-22T09:29:27","modified_gmt":"2026-03-22T08:29:27","slug":"duo-igel","status":"publish","type":"product","link":"https:\/\/balberg.shop\/de\/produit\/herissons-duo\/","title":{"rendered":"Igel - Duo"},"content":{"rendered":"<p><span class=\"s1\">Als kleines Tier in Hecken, G\u00e4rten und auf Wegen verk\u00f6rpert der kleine Igel Balberg shop das Niedliche. Das zarte Eltern-Baby-Duo ist aus hochwertigem, festem Wollfilz gefertigt.<br \/>\n<\/span><span class=\"s1\">Gen\u00e4ht und handgefilzt mit all meiner Liebe sind diese kleinen Tiere bereit, all ihre Z\u00e4rtlichkeit zu teilen.<\/span><\/p>\n<h4>Abmessungen<\/h4>\n<p>Erwachsener Igel aus Filz: L\u00e4nge: 6,5 cm. H\u00f6he: 4 cm. Dicke \u2248 2 cm.<br \/>\nIgelbaby aus Filz: L\u00e4nge: 5 cm. H\u00f6he: 3 cm. Dicke \u2248 1,5 cm.<\/p>","protected":false},"excerpt":{"rendered":"<p>Petit animal des haies, des jardins et des chemins, le petit h\u00e9risson Balberg shop incarne le mignon. Ce tendre duo parent-b\u00e9b\u00e9 est fabriqu\u00e9 avec une feutrine de laine solide et de haute qualit\u00e9. Cousus et feutr\u00e9s \u00e0 la main avec tout mon amour ces petits animaux sont pr\u00eats \u00e0 partager toute leur tendresse Dimensions H\u00e9risson&#8230;<\/p>","protected":false},"featured_media":845,"template":"","meta":{"_kad_blocks_custom_css":"","_kad_blocks_head_custom_js":"","_kad_blocks_body_custom_js":"","_kad_blocks_footer_custom_js":"","_kad_post_transparent":"default","_kad_post_title":"","_kad_post_layout":"default","_kad_post_sidebar_id":"","_kad_post_content_style":"default","_kad_post_vertical_padding":"default","_kad_post_feature":"","_kad_post_feature_position":"","_kad_post_header":false,"_kad_post_footer":false,"_kad_post_classname":"","footnotes":""},"product_cat":[36,21],"product_tag":[],"class_list":{"0":"post-550","1":"product","2":"type-product","3":"status-publish","4":"has-post-thumbnail","6":"product_cat-automne","7":"product_cat-figurines-jouets-en-feutrine","8":"post","10":"first","11":"onbackorder","12":"shipping-taxable","13":"purchasable","14":"product-type-simple","15":"entry","16":"content-bg","17":"loop-entry"},"taxonomy_info":{"product_cat":[{"value":36,"label":"Automne"},{"value":21,"label":"Figurines &amp; Jouets en feutrine"}]},"featured_image_src_large":["https:\/\/balberg.shop\/wp-content\/uploads\/sites\/3\/2025\/08\/IMG_3790-Grande-1024x682.jpeg",1024,682,true],"author_info":[],"comment_info":"","_links":{"self":[{"href":"https:\/\/balberg.shop\/de\/wp-json\/wp\/v2\/product\/550","targetHints":{"allow":["GET"]}}],"collection":[{"href":"https:\/\/balberg.shop\/de\/wp-json\/wp\/v2\/product"}],"about":[{"href":"https:\/\/balberg.shop\/de\/wp-json\/wp\/v2\/types\/product"}],"version-history":[{"count":0,"href":"https:\/\/balberg.shop\/de\/wp-json\/wp\/v2\/product\/550\/revisions"}],"wp:featuredmedia":[{"embeddable":true,"href":"https:\/\/balberg.shop\/de\/wp-json\/wp\/v2\/media\/845"}],"wp:attachment":[{"href":"https:\/\/balberg.shop\/de\/wp-json\/wp\/v2\/media?parent=550"}],"wp:term":[{"taxonomy":"product_cat","embeddable":true,"href":"https:\/\/balberg.shop\/de\/wp-json\/wp\/v2\/product_cat?post=550"},{"taxonomy":"product_tag","embeddable":true,"href":"https:\/\/balberg.shop\/de\/wp-json\/wp\/v2\/product_tag?post=550"}],"curies":[{"name":"wp","href":"https:\/\/api.w.org\/{rel}","templated":true}]}}