{"id":496,"date":"2025-08-27T11:03:16","date_gmt":"2025-08-27T09:03:16","guid":{"rendered":"https:\/\/balberg.shop\/?post_type=product&#038;p=496"},"modified":"2026-03-22T09:34:56","modified_gmt":"2026-03-22T08:34:56","slug":"filzgirlande-mit-hellen-sternen","status":"publish","type":"product","link":"https:\/\/balberg.shop\/de\/produit\/guirlande-en-feutrine-etoiles-claires\/","title":{"rendered":"Girlande aus Filz - helle Sterne"},"content":{"rendered":"<p>Eine Dekoration f\u00fcr das Schlafzimmer, das Wohnzimmer oder den Garten, eine Girlande aus Wollfilz f\u00fcr den Weihnachtsbaum oder den Kamin... W\u00e4hlen Sie sanfte und intensive Farben, um Tr\u00e4ume und Sanftheit in Ihre umweltbewusste Innendekoration zu bringen.<\/p>\n<h4>Abmessungen<\/h4>\n<p>Girlande aus Wollfilz helle Sterne<br \/>\nL\u00e4nge: 150 cm<\/p>","protected":false},"excerpt":{"rendered":"<p>Eine Dekoration f\u00fcr das Schlafzimmer, das Wohnzimmer oder den Garten, eine Girlande aus Wollfilz f\u00fcr den Weihnachtsbaum oder den Kamin... W\u00e4hlen Sie sanfte und intensive Farben, um Tr\u00e4ume und Sanftheit in Ihre umweltbewusste Innendekoration zu bringen. Abmessungen Girlande aus Wollfilz mit hellen Sternen L\u00e4nge: 150 cm<\/p>","protected":false},"featured_media":850,"template":"","meta":{"_kad_blocks_custom_css":"","_kad_blocks_head_custom_js":"","_kad_blocks_body_custom_js":"","_kad_blocks_footer_custom_js":"","_kad_post_transparent":"default","_kad_post_title":"","_kad_post_layout":"default","_kad_post_sidebar_id":"","_kad_post_content_style":"default","_kad_post_vertical_padding":"default","_kad_post_feature":"","_kad_post_feature_position":"","_kad_post_header":false,"_kad_post_footer":false,"_kad_post_classname":"","footnotes":""},"product_cat":[36,18,23,39],"product_tag":[],"class_list":{"0":"post-496","1":"product","2":"type-product","3":"status-publish","4":"has-post-thumbnail","6":"product_cat-automne","7":"product_cat-decoration-de-noel-en-feutrine","8":"product_cat-guirlande-de-feutrine","9":"product_cat-hiver","10":"post","12":"first","13":"onbackorder","14":"shipping-taxable","15":"purchasable","16":"product-type-simple","17":"entry","18":"content-bg","19":"loop-entry"},"taxonomy_info":{"product_cat":[{"value":36,"label":"Automne"},{"value":18,"label":"D\u00e9coration de No\u00ebl en feutrine"},{"value":23,"label":"Guirlande de feutrine"},{"value":39,"label":"Hiver"}]},"featured_image_src_large":["https:\/\/balberg.shop\/wp-content\/uploads\/sites\/3\/2025\/08\/IMG_5069-Grande-1024x682.jpeg",1024,682,true],"author_info":[],"comment_info":"","_links":{"self":[{"href":"https:\/\/balberg.shop\/de\/wp-json\/wp\/v2\/product\/496","targetHints":{"allow":["GET"]}}],"collection":[{"href":"https:\/\/balberg.shop\/de\/wp-json\/wp\/v2\/product"}],"about":[{"href":"https:\/\/balberg.shop\/de\/wp-json\/wp\/v2\/types\/product"}],"version-history":[{"count":0,"href":"https:\/\/balberg.shop\/de\/wp-json\/wp\/v2\/product\/496\/revisions"}],"wp:featuredmedia":[{"embeddable":true,"href":"https:\/\/balberg.shop\/de\/wp-json\/wp\/v2\/media\/850"}],"wp:attachment":[{"href":"https:\/\/balberg.shop\/de\/wp-json\/wp\/v2\/media?parent=496"}],"wp:term":[{"taxonomy":"product_cat","embeddable":true,"href":"https:\/\/balberg.shop\/de\/wp-json\/wp\/v2\/product_cat?post=496"},{"taxonomy":"product_tag","embeddable":true,"href":"https:\/\/balberg.shop\/de\/wp-json\/wp\/v2\/product_tag?post=496"}],"curies":[{"name":"wp","href":"https:\/\/api.w.org\/{rel}","templated":true}]}}